{"id":7880,"date":"2026-02-04T19:52:29","date_gmt":"2026-02-04T18:52:29","guid":{"rendered":"http:\/\/ricardterre.com\/?page_id=7880"},"modified":"2026-04-26T17:58:58","modified_gmt":"2026-04-26T15:58:58","slug":"publicaciones-colectivas","status":"publish","type":"page","link":"https:\/\/ricardterre.com\/en\/publicaciones\/publicaciones-colectivas\/","title":{"rendered":"Collective Publications"},"content":{"rendered":"<div class=\"wpb-content-wrapper\"><div class=\"vc_row wpb_row vc_row-fluid edgtf-section vc_custom_1500377438083 edgtf-content-aligment-left edgtf-grid-section\" style=\"\"><div class=\"clearfix edgtf-section-inner\"><div class=\"edgtf-section-inner-margin clearfix\"><div class=\"wpb_column vc_column_container vc_col-sm-3 vc_col-md-4\"><div class=\"vc_column-inner\"><div class=\"wpb_wrapper\"><div class=\"edgtf-image-with-text edgtf-iwt-text-left-aligned\">\n\t<div class=\"edgtf-iwt-image\">\n\t\t\n\t\t\t<img loading=\"lazy\" decoding=\"async\" width=\"784\" height=\"1024\" src=\"https:\/\/ricardterre.com\/wp-content\/uploads\/2026\/04\/Cubierta_Popular-784x1024.jpg\" class=\"attachment-large size-large\" alt=\"\" srcset=\"https:\/\/ricardterre.com\/wp-content\/uploads\/2026\/04\/Cubierta_Popular-784x1024.jpg 784w, https:\/\/ricardterre.com\/wp-content\/uploads\/2026\/04\/Cubierta_Popular-230x300.jpg 230w, https:\/\/ricardterre.com\/wp-content\/uploads\/2026\/04\/Cubierta_Popular-768x1004.jpg 768w, https:\/\/ricardterre.com\/wp-content\/uploads\/2026\/04\/Cubierta_Popular-1175x1536.jpg 1175w, https:\/\/ricardterre.com\/wp-content\/uploads\/2026\/04\/Cubierta_Popular-600x784.jpg 600w, https:\/\/ricardterre.com\/wp-content\/uploads\/2026\/04\/Cubierta_Popular.jpg 1402w\" sizes=\"auto, (max-width: 784px) 100vw, 784px\" \/>\n\t\t\t<\/div>\n\t<div class=\"edgtf-iwt-text\">\n\t\t\t\t\t\t\t<h5 class=\"edgtf-iwt-title\" >\n\t\t\t\tpopular (Cat\u00e1logo de exposici\u00f3n)\t\t\t<\/h5>\n\t\t\t\t\t\t\t<p class=\"edgtf-iwt-content\">\n\t\t\t\t2024 IVAM Institut Valenci\u00e0 d&#039;Art Modern. Generalitat Valenciana. Texto y comisariado de Pedro G. Romero. Valencia (ES)\t\t\t<\/p>\n\t\t\t\t\t<\/div>\n<\/div>\n<div class=\"vc_empty_space\"   style=\"height: 21px\"><span class=\"vc_empty_space_inner\"><\/span><\/div><a href=\"https:\/\/tienda.ivam.es\/es\/producto\/popular\/\" target=\"_self\" style=\"font-weight: 100\" class=\"edgtf-btn edgtf-btn-medium edgtf-btn-solid\"  >\n\t\t\t<span class=\"edgtf-btn-text\" >Compra cat\u00e1logo<\/span>\n\t\t<\/a>\n<\/div><\/div><\/div><div class=\"wpb_column vc_column_container vc_col-sm-3 vc_col-md-4\"><div class=\"vc_column-inner\"><div class=\"wpb_wrapper\"><div class=\"edgtf-image-with-text edgtf-iwt-text-left-aligned\">\n\t<div class=\"edgtf-iwt-image\">\n\t\t\n\t\t\t<img loading=\"lazy\" decoding=\"async\" width=\"509\" height=\"574\" src=\"https:\/\/ricardterre.com\/wp-content\/uploads\/2026\/04\/publicar-libros-21.jpg\" class=\"attachment-large size-large\" alt=\"\" srcset=\"https:\/\/ricardterre.com\/wp-content\/uploads\/2026\/04\/publicar-libros-21.jpg 509w, https:\/\/ricardterre.com\/wp-content\/uploads\/2026\/04\/publicar-libros-21-266x300.jpg 266w\" sizes=\"auto, (max-width: 509px) 100vw, 509px\" \/>\n\t\t\t<\/div>\n\t<div class=\"edgtf-iwt-text\">\n\t\t\t\t\t\t\t<h5 class=\"edgtf-iwt-title\" >\n\t\t\t\tAgrupaci\u00f3 Fotogr\u00e0fica de Catalunya. 1923-2023\t\t\t<\/h5>\n\t\t\t\t\t\t\t<p class=\"edgtf-iwt-content\">\n\t\t\t\t2023 \u00c0mbit Serveis Editorials S.A. y Agrupaci\u00f3 Fotogr\u00e0fica de Catalunya. Barcelona (ES).\t\t\t<\/p>\n\t\t\t\t\t<\/div>\n<\/div>\n<div class=\"vc_empty_space\"   style=\"height: 21px\"><span class=\"vc_empty_space_inner\"><\/span><\/div><\/div><\/div><\/div><div class=\"wpb_column vc_column_container vc_col-sm-3 vc_col-md-4\"><div class=\"vc_column-inner\"><div class=\"wpb_wrapper\"><div class=\"edgtf-image-with-text edgtf-iwt-text-left-aligned\">\n\t<div class=\"edgtf-iwt-image\">\n\t\t\n\t\t\t<img loading=\"lazy\" decoding=\"async\" width=\"500\" height=\"641\" src=\"https:\/\/ricardterre.com\/wp-content\/uploads\/2026\/04\/9788857248172-1.jpg\" class=\"attachment-large size-large\" alt=\"\" srcset=\"https:\/\/ricardterre.com\/wp-content\/uploads\/2026\/04\/9788857248172-1.jpg 500w, https:\/\/ricardterre.com\/wp-content\/uploads\/2026\/04\/9788857248172-1-234x300.jpg 234w\" sizes=\"auto, (max-width: 500px) 100vw, 500px\" \/>\n\t\t\t<\/div>\n\t<div class=\"edgtf-iwt-text\">\n\t\t\t\t\t\t\t<h5 class=\"edgtf-iwt-title\" >\n\t\t\t\tPhotos! I capolavori della Collezione\t\t\t<\/h5>\n\t\t\t\t\t\t\t<p class=\"edgtf-iwt-content\">\n\t\t\t\t2022 Juli\u00e1n Castilla: Cartier-Bresson, Doisneau, Capa, Man Ray e i pi\u00f9 grandi fotografi del \u2018900. Comune di Bologna. Skira\/La F\u00e1brica. Bologna. (It).\t\t\t<\/p>\n\t\t\t\t\t<\/div>\n<\/div>\n<div class=\"vc_empty_space\"   style=\"height: 21px\"><span class=\"vc_empty_space_inner\"><\/span><\/div><\/div><\/div><\/div><\/div><\/div><\/div><div class=\"vc_row wpb_row vc_row-fluid edgtf-section vc_custom_1500377438083 edgtf-content-aligment-left edgtf-grid-section\" style=\"\"><div class=\"clearfix edgtf-section-inner\"><div class=\"edgtf-section-inner-margin clearfix\"><div class=\"wpb_column vc_column_container vc_col-sm-12 vc_col-md-4\"><div class=\"vc_column-inner\"><div class=\"wpb_wrapper\"><div class=\"edgtf-image-with-text edgtf-iwt-text-left-aligned\">\n\t<div class=\"edgtf-iwt-image\">\n\t\t\n\t\t\t<img loading=\"lazy\" decoding=\"async\" width=\"736\" height=\"1024\" src=\"https:\/\/ricardterre.com\/wp-content\/uploads\/2026\/04\/IMG_20260424_171242-736x1024.jpg\" class=\"attachment-large size-large\" alt=\"\" srcset=\"https:\/\/ricardterre.com\/wp-content\/uploads\/2026\/04\/IMG_20260424_171242-736x1024.jpg 736w, https:\/\/ricardterre.com\/wp-content\/uploads\/2026\/04\/IMG_20260424_171242-216x300.jpg 216w, https:\/\/ricardterre.com\/wp-content\/uploads\/2026\/04\/IMG_20260424_171242-768x1069.jpg 768w, https:\/\/ricardterre.com\/wp-content\/uploads\/2026\/04\/IMG_20260424_171242-1104x1536.jpg 1104w, https:\/\/ricardterre.com\/wp-content\/uploads\/2026\/04\/IMG_20260424_171242-600x835.jpg 600w, https:\/\/ricardterre.com\/wp-content\/uploads\/2026\/04\/IMG_20260424_171242.jpg 1220w\" sizes=\"auto, (max-width: 736px) 100vw, 736px\" \/>\n\t\t\t<\/div>\n\t<div class=\"edgtf-iwt-text\">\n\t\t\t\t\t\t\t<h5 class=\"edgtf-iwt-title\" >\n\t\t\t\tLa Felicidad\t\t\t<\/h5>\n\t\t\t\t\t\t\t<p class=\"edgtf-iwt-content\">\n\t\t\t\t2021 Una fotograf\u00eda de la serie Os nenos de San Francisco (1988) acompa\u00f1ada de un texto de Raquel Lanseros. Litoral. Revista de Poes\u00eda, Arte y Pensamiento. P\u00e1gina 154-155. ISSN: 0212-4378\t\t\t<\/p>\n\t\t\t\t\t<\/div>\n<\/div>\n<div class=\"vc_empty_space\"   style=\"height: 21px\"><span class=\"vc_empty_space_inner\"><\/span><\/div><\/div><\/div><\/div><div class=\"wpb_column vc_column_container vc_col-sm-12 vc_col-md-4\"><div class=\"vc_column-inner\"><div class=\"wpb_wrapper\"><div class=\"edgtf-image-with-text edgtf-iwt-text-left-aligned\">\n\t<div class=\"edgtf-iwt-image\">\n\t\t\n\t\t\t<img loading=\"lazy\" decoding=\"async\" width=\"866\" height=\"1024\" src=\"https:\/\/ricardterre.com\/wp-content\/uploads\/2026\/04\/3-25-ANOS-COLECCION-PUBLICA-FOTOGRAFIA-ALCOBENDAS_Recorte-scaled-1-866x1024.jpg\" class=\"attachment-large size-large\" alt=\"\" srcset=\"https:\/\/ricardterre.com\/wp-content\/uploads\/2026\/04\/3-25-ANOS-COLECCION-PUBLICA-FOTOGRAFIA-ALCOBENDAS_Recorte-scaled-1-866x1024.jpg 866w, https:\/\/ricardterre.com\/wp-content\/uploads\/2026\/04\/3-25-ANOS-COLECCION-PUBLICA-FOTOGRAFIA-ALCOBENDAS_Recorte-scaled-1-254x300.jpg 254w, https:\/\/ricardterre.com\/wp-content\/uploads\/2026\/04\/3-25-ANOS-COLECCION-PUBLICA-FOTOGRAFIA-ALCOBENDAS_Recorte-scaled-1-768x908.jpg 768w, https:\/\/ricardterre.com\/wp-content\/uploads\/2026\/04\/3-25-ANOS-COLECCION-PUBLICA-FOTOGRAFIA-ALCOBENDAS_Recorte-scaled-1-1299x1536.jpg 1299w, https:\/\/ricardterre.com\/wp-content\/uploads\/2026\/04\/3-25-ANOS-COLECCION-PUBLICA-FOTOGRAFIA-ALCOBENDAS_Recorte-scaled-1-1732x2048.jpg 1732w, https:\/\/ricardterre.com\/wp-content\/uploads\/2026\/04\/3-25-ANOS-COLECCION-PUBLICA-FOTOGRAFIA-ALCOBENDAS_Recorte-scaled-1-600x709.jpg 600w\" sizes=\"auto, (max-width: 866px) 100vw, 866px\" \/>\n\t\t\t<\/div>\n\t<div class=\"edgtf-iwt-text\">\n\t\t\t\t\t\t\t<h5 class=\"edgtf-iwt-title\" >\n\t\t\t\t25 a\u00f1os Colecci\u00f3n Alcobendas: Nuevas adquisiciones 2013 \u2013 2017 (cat\u00e1logo de la exposici\u00f3n)\t\t\t<\/h5>\n\t\t\t\t\t\t\t<p class=\"edgtf-iwt-content\">\n\t\t\t\t2018 Ayuntamiento de Alcobendas. Madrid.\t\t\t<\/p>\n\t\t\t\t\t<\/div>\n<\/div>\n<div class=\"vc_empty_space\"   style=\"height: 21px\"><span class=\"vc_empty_space_inner\"><\/span><\/div><\/div><\/div><\/div><div class=\"wpb_column vc_column_container vc_col-sm-12 vc_col-md-4\"><div class=\"vc_column-inner\"><div class=\"wpb_wrapper\"><div class=\"edgtf-image-with-text edgtf-iwt-text-left-aligned\">\n\t<div class=\"edgtf-iwt-image\">\n\t\t\n\t\t\t<img loading=\"lazy\" decoding=\"async\" width=\"732\" height=\"1000\" src=\"https:\/\/ricardterre.com\/wp-content\/uploads\/2026\/04\/71QetfiBUsL._AC_UF10001000_QL80_.jpg\" class=\"attachment-large size-large\" alt=\"\" srcset=\"https:\/\/ricardterre.com\/wp-content\/uploads\/2026\/04\/71QetfiBUsL._AC_UF10001000_QL80_.jpg 732w, https:\/\/ricardterre.com\/wp-content\/uploads\/2026\/04\/71QetfiBUsL._AC_UF10001000_QL80_-220x300.jpg 220w, https:\/\/ricardterre.com\/wp-content\/uploads\/2026\/04\/71QetfiBUsL._AC_UF10001000_QL80_-600x820.jpg 600w\" sizes=\"auto, (max-width: 732px) 100vw, 732px\" \/>\n\t\t\t<\/div>\n\t<div class=\"edgtf-iwt-text\">\n\t\t\t\t\t\t\t<h5 class=\"edgtf-iwt-title\" >\n\t\t\t\t50 fotograf\u00edas con Historia: Por cada fot\u00f3grafo una mirada \u00fanica. Por cada mirada, una historia que merece ser contada.\t\t\t<\/h5>\n\t\t\t\t\t\t\t<p class=\"edgtf-iwt-content\">\n\t\t\t\t2017 Signo Editores. Madrid. Madrid 2017.\t\t\t<\/p>\n\t\t\t\t\t<\/div>\n<\/div>\n<div class=\"vc_empty_space\"   style=\"height: 21px\"><span class=\"vc_empty_space_inner\"><\/span><\/div><\/div><\/div><\/div><\/div><\/div><\/div><div class=\"vc_row wpb_row vc_row-fluid edgtf-section vc_custom_1500377438083 edgtf-content-aligment-left edgtf-grid-section\" style=\"\"><div class=\"clearfix edgtf-section-inner\"><div class=\"edgtf-section-inner-margin clearfix\"><div class=\"wpb_column vc_column_container vc_col-sm-12 vc_col-md-4\"><div class=\"vc_column-inner\"><div class=\"wpb_wrapper\"><div class=\"edgtf-image-with-text edgtf-iwt-text-left-aligned\">\n\t<div class=\"edgtf-iwt-image\">\n\t\t\n\t\t\t<img loading=\"lazy\" decoding=\"async\" width=\"871\" height=\"1024\" src=\"https:\/\/ricardterre.com\/wp-content\/uploads\/2026\/04\/photo_11_2026-04-16_20-23-23-871x1024.jpg\" class=\"attachment-large size-large\" alt=\"\" srcset=\"https:\/\/ricardterre.com\/wp-content\/uploads\/2026\/04\/photo_11_2026-04-16_20-23-23-871x1024.jpg 871w, https:\/\/ricardterre.com\/wp-content\/uploads\/2026\/04\/photo_11_2026-04-16_20-23-23-255x300.jpg 255w, https:\/\/ricardterre.com\/wp-content\/uploads\/2026\/04\/photo_11_2026-04-16_20-23-23-768x903.jpg 768w, https:\/\/ricardterre.com\/wp-content\/uploads\/2026\/04\/photo_11_2026-04-16_20-23-23-600x705.jpg 600w, https:\/\/ricardterre.com\/wp-content\/uploads\/2026\/04\/photo_11_2026-04-16_20-23-23.jpg 1089w\" sizes=\"auto, (max-width: 871px) 100vw, 871px\" \/>\n\t\t\t<\/div>\n\t<div class=\"edgtf-iwt-text\">\n\t\t\t\t\t\t\t<h5 class=\"edgtf-iwt-title\" >\n\t\t\t\tEYES WIDE OPEN! 100 years of Leica Photography\t\t\t<\/h5>\n\t\t\t\t\t\t\t<p class=\"edgtf-iwt-content\">\n\t\t\t\t2015 Editor: Hans-Michael Koetzle. Alemania (2015)\t\t\t<\/p>\n\t\t\t\t\t<\/div>\n<\/div>\n<div class=\"vc_empty_space\"   style=\"height: 21px\"><span class=\"vc_empty_space_inner\"><\/span><\/div><\/div><\/div><\/div><div class=\"wpb_column vc_column_container vc_col-sm-12 vc_col-md-4\"><div class=\"vc_column-inner\"><div class=\"wpb_wrapper\"><div class=\"edgtf-image-with-text edgtf-iwt-text-left-aligned\">\n\t<div class=\"edgtf-iwt-image\">\n\t\t\n\t\t\t<img loading=\"lazy\" decoding=\"async\" width=\"803\" height=\"1024\" src=\"https:\/\/ricardterre.com\/wp-content\/uploads\/2026\/04\/metalocus_barcelona-la-fabrica_07_900-803x1024.jpg\" class=\"attachment-large size-large\" alt=\"\" srcset=\"https:\/\/ricardterre.com\/wp-content\/uploads\/2026\/04\/metalocus_barcelona-la-fabrica_07_900-803x1024.jpg 803w, https:\/\/ricardterre.com\/wp-content\/uploads\/2026\/04\/metalocus_barcelona-la-fabrica_07_900-235x300.jpg 235w, https:\/\/ricardterre.com\/wp-content\/uploads\/2026\/04\/metalocus_barcelona-la-fabrica_07_900-768x979.jpg 768w, https:\/\/ricardterre.com\/wp-content\/uploads\/2026\/04\/metalocus_barcelona-la-fabrica_07_900-600x765.jpg 600w, https:\/\/ricardterre.com\/wp-content\/uploads\/2026\/04\/metalocus_barcelona-la-fabrica_07_900.jpg 900w\" sizes=\"auto, (max-width: 803px) 100vw, 803px\" \/>\n\t\t\t<\/div>\n\t<div class=\"edgtf-iwt-text\">\n\t\t\t\t\t\t\t<h5 class=\"edgtf-iwt-title\" >\n\t\t\t\tBarcelona\t\t\t<\/h5>\n\t\t\t\t\t\t\t<p class=\"edgtf-iwt-content\">\n\t\t\t\t2014 La F\u00e1brica \/ Ajuntament de Barcelona. Barcelona 2014; Tapa dura: 352 p\u00e1ginas. Edici\u00f3n: 1 (3 de diciembre de 2014)\t\t\t<\/p>\n\t\t\t\t\t<\/div>\n<\/div>\n<div class=\"vc_empty_space\"   style=\"height: 21px\"><span class=\"vc_empty_space_inner\"><\/span><\/div><\/div><\/div><\/div><div class=\"wpb_column vc_column_container vc_col-sm-12 vc_col-md-4\"><div class=\"vc_column-inner\"><div class=\"wpb_wrapper\"><div class=\"edgtf-image-with-text edgtf-iwt-text-left-aligned\">\n\t<div class=\"edgtf-iwt-image\">\n\t\t\n\t\t\t<img loading=\"lazy\" decoding=\"async\" width=\"536\" height=\"600\" src=\"https:\/\/ricardterre.com\/wp-content\/uploads\/2026\/04\/57inquietosfotografiaespanola.jpg\" class=\"attachment-large size-large\" alt=\"\" srcset=\"https:\/\/ricardterre.com\/wp-content\/uploads\/2026\/04\/57inquietosfotografiaespanola.jpg 536w, https:\/\/ricardterre.com\/wp-content\/uploads\/2026\/04\/57inquietosfotografiaespanola-268x300.jpg 268w\" sizes=\"auto, (max-width: 536px) 100vw, 536px\" \/>\n\t\t\t<\/div>\n\t<div class=\"edgtf-iwt-text\">\n\t\t\t\t\t\t\t<h5 class=\"edgtf-iwt-title\" >\n\t\t\t\tLos inquietos. Iconos de la fotograf\u00eda espa\u00f1ola\t\t\t<\/h5>\n\t\t\t\t\t\t\t<p class=\"edgtf-iwt-content\">\n\t\t\t\t2012 Caja de Burgos y Fundaci\u00f3n Foto Colectania. Burgos 2012.\t\t\t<\/p>\n\t\t\t\t\t<\/div>\n<\/div>\n<div class=\"vc_empty_space\"   style=\"height: 21px\"><span class=\"vc_empty_space_inner\"><\/span><\/div><\/div><\/div><\/div><\/div><\/div><\/div><div class=\"vc_row wpb_row vc_row-fluid edgtf-section vc_custom_1500377438083 edgtf-content-aligment-left edgtf-grid-section\" style=\"\"><div class=\"clearfix edgtf-section-inner\"><div class=\"edgtf-section-inner-margin clearfix\"><div class=\"wpb_column vc_column_container vc_col-sm-12 vc_col-md-4\"><div class=\"vc_column-inner\"><div class=\"wpb_wrapper\"><div class=\"edgtf-image-with-text edgtf-iwt-text-left-aligned\">\n\t<div class=\"edgtf-iwt-image\">\n\t\t\n\t\t\t<img loading=\"lazy\" decoding=\"async\" width=\"999\" height=\"1024\" src=\"https:\/\/ricardterre.com\/wp-content\/uploads\/2026\/04\/Screenshot_2026-04-24-17-14-40-448_org.telegram.messenger-edit-999x1024.jpg\" class=\"attachment-large size-large\" alt=\"\" srcset=\"https:\/\/ricardterre.com\/wp-content\/uploads\/2026\/04\/Screenshot_2026-04-24-17-14-40-448_org.telegram.messenger-edit-999x1024.jpg 999w, https:\/\/ricardterre.com\/wp-content\/uploads\/2026\/04\/Screenshot_2026-04-24-17-14-40-448_org.telegram.messenger-edit-293x300.jpg 293w, https:\/\/ricardterre.com\/wp-content\/uploads\/2026\/04\/Screenshot_2026-04-24-17-14-40-448_org.telegram.messenger-edit-768x788.jpg 768w, https:\/\/ricardterre.com\/wp-content\/uploads\/2026\/04\/Screenshot_2026-04-24-17-14-40-448_org.telegram.messenger-edit-600x615.jpg 600w, https:\/\/ricardterre.com\/wp-content\/uploads\/2026\/04\/Screenshot_2026-04-24-17-14-40-448_org.telegram.messenger-edit.jpg 1220w\" sizes=\"auto, (max-width: 999px) 100vw, 999px\" \/>\n\t\t\t<\/div>\n\t<div class=\"edgtf-iwt-text\">\n\t\t\t\t\t\t\t<h5 class=\"edgtf-iwt-title\" >\n\t\t\t\tNova Avantguarda\t\t\t<\/h5>\n\t\t\t\t\t\t\t<p class=\"edgtf-iwt-content\">\n\t\t\t\t2010 Fundaci\u00f3 Foto Colectania, Departament de Cultura i Mitjans de Comunicaci\u00f3, Barcelona (ES), introduction Rom\u00e0 Gubern.\t\t\t<\/p>\n\t\t\t\t\t<\/div>\n<\/div>\n<div class=\"vc_empty_space\"   style=\"height: 21px\"><span class=\"vc_empty_space_inner\"><\/span><\/div><\/div><\/div><\/div><div class=\"wpb_column vc_column_container vc_col-sm-12 vc_col-md-4\"><div class=\"vc_column-inner\"><div class=\"wpb_wrapper\"><div class=\"edgtf-image-with-text edgtf-iwt-text-left-aligned\">\n\t<div class=\"edgtf-iwt-image\">\n\t\t\n\t\t\t<img loading=\"lazy\" decoding=\"async\" width=\"777\" height=\"967\" src=\"https:\/\/ricardterre.com\/wp-content\/uploads\/2026\/04\/IMG_20260424_165850.jpg\" class=\"attachment-large size-large\" alt=\"\" srcset=\"https:\/\/ricardterre.com\/wp-content\/uploads\/2026\/04\/IMG_20260424_165850.jpg 777w, https:\/\/ricardterre.com\/wp-content\/uploads\/2026\/04\/IMG_20260424_165850-241x300.jpg 241w, https:\/\/ricardterre.com\/wp-content\/uploads\/2026\/04\/IMG_20260424_165850-768x956.jpg 768w, https:\/\/ricardterre.com\/wp-content\/uploads\/2026\/04\/IMG_20260424_165850-600x747.jpg 600w\" sizes=\"auto, (max-width: 777px) 100vw, 777px\" \/>\n\t\t\t<\/div>\n\t<div class=\"edgtf-iwt-text\">\n\t\t\t\t\t\t\t<h5 class=\"edgtf-iwt-title\" >\n\t\t\t\tLas mujeres y los ni\u00f1os... primero\t\t\t<\/h5>\n\t\t\t\t\t\t\t<p class=\"edgtf-iwt-content\">\n\t\t\t\t2008 Fundaci\u00f3n Bancaja, Barcelona (ES), introduction \u00c1lvaro de los \u00c1ngeles.\t\t\t<\/p>\n\t\t\t\t\t<\/div>\n<\/div>\n<div class=\"vc_empty_space\"   style=\"height: 21px\"><span class=\"vc_empty_space_inner\"><\/span><\/div><\/div><\/div><\/div><div class=\"wpb_column vc_column_container vc_col-sm-12 vc_col-md-4\"><div class=\"vc_column-inner\"><div class=\"wpb_wrapper\"><div class=\"edgtf-image-with-text edgtf-iwt-text-left-aligned\">\n\t<div class=\"edgtf-iwt-image\">\n\t\t\n\t\t\t<img loading=\"lazy\" decoding=\"async\" width=\"962\" height=\"1024\" src=\"https:\/\/ricardterre.com\/wp-content\/uploads\/2026\/02\/8-255-1-962x1024.jpg\" class=\"attachment-large size-large\" alt=\"\" srcset=\"https:\/\/ricardterre.com\/wp-content\/uploads\/2026\/02\/8-255-1-962x1024.jpg 962w, https:\/\/ricardterre.com\/wp-content\/uploads\/2026\/02\/8-255-1-282x300.jpg 282w, https:\/\/ricardterre.com\/wp-content\/uploads\/2026\/02\/8-255-1-768x817.jpg 768w, https:\/\/ricardterre.com\/wp-content\/uploads\/2026\/02\/8-255-1-1443x1536.jpg 1443w, https:\/\/ricardterre.com\/wp-content\/uploads\/2026\/02\/8-255-1-600x639.jpg 600w, https:\/\/ricardterre.com\/wp-content\/uploads\/2026\/02\/8-255-1.jpg 1879w\" sizes=\"auto, (max-width: 962px) 100vw, 962px\" \/>\n\t\t\t<\/div>\n\t<div class=\"edgtf-iwt-text\">\n\t\t\t\t\t\t\t<h5 class=\"edgtf-iwt-title\" >\n\t\t\t\tRegarde! Des enfants\t\t\t<\/h5>\n\t\t\t\t\t\t\t<p class=\"edgtf-iwt-content\">\n\t\t\t\t2007 Editions M+M &amp; Montpellier Photo-Visions, Languedoc Roussillon (Fr), introduction M+M.\t\t\t<\/p>\n\t\t\t\t\t<\/div>\n<\/div>\n<div class=\"vc_empty_space\"   style=\"height: 21px\"><span class=\"vc_empty_space_inner\"><\/span><\/div><\/div><\/div><\/div><\/div><\/div><\/div><div class=\"vc_row wpb_row vc_row-fluid edgtf-section vc_custom_1500377438083 edgtf-content-aligment-left edgtf-grid-section\" style=\"\"><div class=\"clearfix edgtf-section-inner\"><div class=\"edgtf-section-inner-margin clearfix\"><div class=\"wpb_column vc_column_container vc_col-sm-12 vc_col-md-4\"><div class=\"vc_column-inner\"><div class=\"wpb_wrapper\"><div class=\"edgtf-image-with-text edgtf-iwt-text-left-aligned\">\n\t<div class=\"edgtf-iwt-image\">\n\t\t\n\t\t\t<img loading=\"lazy\" decoding=\"async\" width=\"794\" height=\"1000\" src=\"https:\/\/ricardterre.com\/wp-content\/uploads\/2026\/04\/91Xfshy2miL._AC_UF10001000_QL80_.jpg\" class=\"attachment-large size-large\" alt=\"\" srcset=\"https:\/\/ricardterre.com\/wp-content\/uploads\/2026\/04\/91Xfshy2miL._AC_UF10001000_QL80_.jpg 794w, https:\/\/ricardterre.com\/wp-content\/uploads\/2026\/04\/91Xfshy2miL._AC_UF10001000_QL80_-238x300.jpg 238w, https:\/\/ricardterre.com\/wp-content\/uploads\/2026\/04\/91Xfshy2miL._AC_UF10001000_QL80_-768x967.jpg 768w, https:\/\/ricardterre.com\/wp-content\/uploads\/2026\/04\/91Xfshy2miL._AC_UF10001000_QL80_-600x756.jpg 600w\" sizes=\"auto, (max-width: 794px) 100vw, 794px\" \/>\n\t\t\t<\/div>\n\t<div class=\"edgtf-iwt-text\">\n\t\t\t\t\t\t\t<h5 class=\"edgtf-iwt-title\" >\n\t\t\t\tMirades paral.leles. La fotografia realista en Italia i Espanya\t\t\t<\/h5>\n\t\t\t\t\t\t\t<p class=\"edgtf-iwt-content\">\n\t\t\t\t2006 Generalitat de Catalunya\/MNAC. Barcelona (ES).\t\t\t<\/p>\n\t\t\t\t\t<\/div>\n<\/div>\n<div class=\"vc_empty_space\"   style=\"height: 21px\"><span class=\"vc_empty_space_inner\"><\/span><\/div><\/div><\/div><\/div><div class=\"wpb_column vc_column_container vc_col-sm-12 vc_col-md-4\"><div class=\"vc_column-inner\"><div class=\"wpb_wrapper\"><div class=\"edgtf-image-with-text edgtf-iwt-text-left-aligned\">\n\t<div class=\"edgtf-iwt-image\">\n\t\t\n\t\t\t<img loading=\"lazy\" decoding=\"async\" width=\"635\" height=\"818\" src=\"https:\/\/ricardterre.com\/wp-content\/uploads\/2026\/04\/IMG_20260424_165729.jpg\" class=\"attachment-large size-large\" alt=\"\" srcset=\"https:\/\/ricardterre.com\/wp-content\/uploads\/2026\/04\/IMG_20260424_165729.jpg 635w, https:\/\/ricardterre.com\/wp-content\/uploads\/2026\/04\/IMG_20260424_165729-233x300.jpg 233w, https:\/\/ricardterre.com\/wp-content\/uploads\/2026\/04\/IMG_20260424_165729-600x773.jpg 600w\" sizes=\"auto, (max-width: 635px) 100vw, 635px\" \/>\n\t\t\t<\/div>\n\t<div class=\"edgtf-iwt-text\">\n\t\t\t\t\t\t\t<h5 class=\"edgtf-iwt-title\" >\n\t\t\t\tEl Grupo fotogr\u00e1fico Afal. 1956-1963\t\t\t<\/h5>\n\t\t\t\t\t\t\t<p class=\"edgtf-iwt-content\">\n\t\t\t\t2006 Laura Terr\u00e9. Fotovision, Utrera.\t\t\t<\/p>\n\t\t\t\t\t<\/div>\n<\/div>\n<div class=\"vc_empty_space\"   style=\"height: 21px\"><span class=\"vc_empty_space_inner\"><\/span><\/div><\/div><\/div><\/div><div class=\"wpb_column vc_column_container vc_col-sm-12 vc_col-md-4\"><div class=\"vc_column-inner\"><div class=\"wpb_wrapper\"><div class=\"edgtf-image-with-text edgtf-iwt-text-left-aligned\">\n\t<div class=\"edgtf-iwt-image\">\n\t\t\n\t\t\t<img loading=\"lazy\" decoding=\"async\" width=\"962\" height=\"1024\" src=\"https:\/\/ricardterre.com\/wp-content\/uploads\/2026\/02\/8-255-1-962x1024.jpg\" class=\"attachment-large size-large\" alt=\"\" srcset=\"https:\/\/ricardterre.com\/wp-content\/uploads\/2026\/02\/8-255-1-962x1024.jpg 962w, https:\/\/ricardterre.com\/wp-content\/uploads\/2026\/02\/8-255-1-282x300.jpg 282w, https:\/\/ricardterre.com\/wp-content\/uploads\/2026\/02\/8-255-1-768x817.jpg 768w, https:\/\/ricardterre.com\/wp-content\/uploads\/2026\/02\/8-255-1-1443x1536.jpg 1443w, https:\/\/ricardterre.com\/wp-content\/uploads\/2026\/02\/8-255-1-600x639.jpg 600w, https:\/\/ricardterre.com\/wp-content\/uploads\/2026\/02\/8-255-1.jpg 1879w\" sizes=\"auto, (max-width: 962px) 100vw, 962px\" \/>\n\t\t\t<\/div>\n\t<div class=\"edgtf-iwt-text\">\n\t\t\t\t\t\t\t<h5 class=\"edgtf-iwt-title\" >\n\t\t\t\tAdquisiciones 2005, Museo Nacional Reina Sofia\t\t\t<\/h5>\n\t\t\t\t\t\t\t<p class=\"edgtf-iwt-content\">\n\t\t\t\t2006 Ministerio de Cultura, Madrid (ES), introducci\u00f3n Ana Mart\u00ednez de Aguilar.\t\t\t<\/p>\n\t\t\t\t\t<\/div>\n<\/div>\n<div class=\"vc_empty_space\"   style=\"height: 21px\"><span class=\"vc_empty_space_inner\"><\/span><\/div><\/div><\/div><\/div><\/div><\/div><\/div><div class=\"vc_row wpb_row vc_row-fluid edgtf-section vc_custom_1500377438083 edgtf-content-aligment-left edgtf-grid-section\" style=\"\"><div class=\"clearfix edgtf-section-inner\"><div class=\"edgtf-section-inner-margin clearfix\"><div class=\"wpb_column vc_column_container vc_col-sm-12 vc_col-md-4\"><div class=\"vc_column-inner\"><div class=\"wpb_wrapper\"><div class=\"edgtf-image-with-text edgtf-iwt-text-left-aligned\">\n\t<div class=\"edgtf-iwt-image\">\n\t\t\n\t\t\t<img loading=\"lazy\" decoding=\"async\" width=\"694\" height=\"1000\" src=\"https:\/\/ricardterre.com\/wp-content\/uploads\/2026\/04\/51zcqoNcjcL._AC_UF8941000_QL80_.jpg\" class=\"attachment-large size-large\" alt=\"\" srcset=\"https:\/\/ricardterre.com\/wp-content\/uploads\/2026\/04\/51zcqoNcjcL._AC_UF8941000_QL80_.jpg 694w, https:\/\/ricardterre.com\/wp-content\/uploads\/2026\/04\/51zcqoNcjcL._AC_UF8941000_QL80_-208x300.jpg 208w, https:\/\/ricardterre.com\/wp-content\/uploads\/2026\/04\/51zcqoNcjcL._AC_UF8941000_QL80_-600x865.jpg 600w\" sizes=\"auto, (max-width: 694px) 100vw, 694px\" \/>\n\t\t\t<\/div>\n\t<div class=\"edgtf-iwt-text\">\n\t\t\t\t\t\t\t<h5 class=\"edgtf-iwt-title\" >\n\t\t\t\t80+80, photo_graphisme\t\t\t<\/h5>\n\t\t\t\t\t\t\t<p class=\"edgtf-iwt-content\">\n\t\t\t\t2006 Filigranes Editions, Villejuif (Fr), introduction Christian Caujolle, Michel Wlassikoff.\t\t\t<\/p>\n\t\t\t\t\t<\/div>\n<\/div>\n<div class=\"vc_empty_space\"   style=\"height: 21px\"><span class=\"vc_empty_space_inner\"><\/span><\/div><\/div><\/div><\/div><div class=\"wpb_column vc_column_container vc_col-sm-12 vc_col-md-4\"><div class=\"vc_column-inner\"><div class=\"wpb_wrapper\"><div class=\"edgtf-image-with-text edgtf-iwt-text-left-aligned\">\n\t<div class=\"edgtf-iwt-image\">\n\t\t\n\t\t\t<img loading=\"lazy\" decoding=\"async\" width=\"810\" height=\"1000\" src=\"https:\/\/ricardterre.com\/wp-content\/uploads\/2026\/04\/81nAI735UUL._AC_UF10001000_QL80_.jpg\" class=\"attachment-large size-large\" alt=\"\" srcset=\"https:\/\/ricardterre.com\/wp-content\/uploads\/2026\/04\/81nAI735UUL._AC_UF10001000_QL80_.jpg 810w, https:\/\/ricardterre.com\/wp-content\/uploads\/2026\/04\/81nAI735UUL._AC_UF10001000_QL80_-243x300.jpg 243w, https:\/\/ricardterre.com\/wp-content\/uploads\/2026\/04\/81nAI735UUL._AC_UF10001000_QL80_-768x948.jpg 768w, https:\/\/ricardterre.com\/wp-content\/uploads\/2026\/04\/81nAI735UUL._AC_UF10001000_QL80_-600x741.jpg 600w\" sizes=\"auto, (max-width: 810px) 100vw, 810px\" \/>\n\t\t\t<\/div>\n\t<div class=\"edgtf-iwt-text\">\n\t\t\t\t\t\t\t<h5 class=\"edgtf-iwt-title\" >\n\t\t\t\tVariaciones en Espa\u00f1a Fotograf\u00eda y arte 1900-1980\t\t\t<\/h5>\n\t\t\t\t\t\t\t<p class=\"edgtf-iwt-content\">\n\t\t\t\t2004 La F\u00e1brica Editorial, Madrid (ES), introduction Horacio Fernandez.\t\t\t<\/p>\n\t\t\t\t\t<\/div>\n<\/div>\n<div class=\"vc_empty_space\"   style=\"height: 21px\"><span class=\"vc_empty_space_inner\"><\/span><\/div><\/div><\/div><\/div><div class=\"wpb_column vc_column_container vc_col-sm-12 vc_col-md-4\"><div class=\"vc_column-inner\"><div class=\"wpb_wrapper\"><div class=\"edgtf-image-with-text edgtf-iwt-text-left-aligned\">\n\t<div class=\"edgtf-iwt-image\">\n\t\t\n\t\t\t<img loading=\"lazy\" decoding=\"async\" width=\"860\" height=\"1024\" src=\"https:\/\/ricardterre.com\/wp-content\/uploads\/2026\/04\/81UIi1F1HqL-860x1024.jpg\" class=\"attachment-large size-large\" alt=\"\" srcset=\"https:\/\/ricardterre.com\/wp-content\/uploads\/2026\/04\/81UIi1F1HqL-860x1024.jpg 860w, https:\/\/ricardterre.com\/wp-content\/uploads\/2026\/04\/81UIi1F1HqL-252x300.jpg 252w, https:\/\/ricardterre.com\/wp-content\/uploads\/2026\/04\/81UIi1F1HqL-768x915.jpg 768w, https:\/\/ricardterre.com\/wp-content\/uploads\/2026\/04\/81UIi1F1HqL-1289x1536.jpg 1289w, https:\/\/ricardterre.com\/wp-content\/uploads\/2026\/04\/81UIi1F1HqL-600x715.jpg 600w, https:\/\/ricardterre.com\/wp-content\/uploads\/2026\/04\/81UIi1F1HqL.jpg 1406w\" sizes=\"auto, (max-width: 860px) 100vw, 860px\" \/>\n\t\t\t<\/div>\n\t<div class=\"edgtf-iwt-text\">\n\t\t\t\t\t\t\t<h5 class=\"edgtf-iwt-title\" >\n\t\t\t\tEspa\u00f1a a\u00f1os 50 Una d\u00e9cada de creaci\u00f3\t\t\t<\/h5>\n\t\t\t\t\t\t\t<p class=\"edgtf-iwt-content\">\n\t\t\t\t2004 Sociedad Estatal para la Acci\u00f3n Cultural Exterior SEACEX, Madrid (ES), introduction Mafalda Rodr\u00edguez.\t\t\t<\/p>\n\t\t\t\t\t<\/div>\n<\/div>\n<div class=\"vc_empty_space\"   style=\"height: 21px\"><span class=\"vc_empty_space_inner\"><\/span><\/div><\/div><\/div><\/div><\/div><\/div><\/div><div class=\"vc_row wpb_row vc_row-fluid edgtf-section vc_custom_1500377438083 edgtf-content-aligment-left edgtf-grid-section\" style=\"\"><div class=\"clearfix edgtf-section-inner\"><div class=\"edgtf-section-inner-margin clearfix\"><div class=\"wpb_column vc_column_container vc_col-sm-12 vc_col-md-4\"><div class=\"vc_column-inner\"><div class=\"wpb_wrapper\"><div class=\"edgtf-image-with-text edgtf-iwt-text-left-aligned\">\n\t<div class=\"edgtf-iwt-image\">\n\t\t\n\t\t\t<img loading=\"lazy\" decoding=\"async\" width=\"728\" height=\"704\" src=\"https:\/\/ricardterre.com\/wp-content\/uploads\/2026\/04\/Catalogue_Les-Choix-dhenri-728x704-1.jpg\" class=\"attachment-large size-large\" alt=\"\" srcset=\"https:\/\/ricardterre.com\/wp-content\/uploads\/2026\/04\/Catalogue_Les-Choix-dhenri-728x704-1.jpg 728w, https:\/\/ricardterre.com\/wp-content\/uploads\/2026\/04\/Catalogue_Les-Choix-dhenri-728x704-1-300x290.jpg 300w, https:\/\/ricardterre.com\/wp-content\/uploads\/2026\/04\/Catalogue_Les-Choix-dhenri-728x704-1-600x580.jpg 600w\" sizes=\"auto, (max-width: 728px) 100vw, 728px\" \/>\n\t\t\t<\/div>\n\t<div class=\"edgtf-iwt-text\">\n\t\t\t\t\t\t\t<h5 class=\"edgtf-iwt-title\" >\n\t\t\t\tLes choix d&#039;Henri Cartier-Bresson\t\t\t<\/h5>\n\t\t\t\t\t\t\t<p class=\"edgtf-iwt-content\">\n\t\t\t\t2003 Fondation HCB, Fundaci\u00f3 La Caixa, Par\u00eds (Fr) Barcelona (ES), introduction Robert Delpire.\t\t\t<\/p>\n\t\t\t\t\t<\/div>\n<\/div>\n<div class=\"vc_empty_space\"   style=\"height: 21px\"><span class=\"vc_empty_space_inner\"><\/span><\/div><\/div><\/div><\/div><div class=\"wpb_column vc_column_container vc_col-sm-12 vc_col-md-4\"><div class=\"vc_column-inner\"><div class=\"wpb_wrapper\"><div class=\"edgtf-image-with-text edgtf-iwt-text-left-aligned\">\n\t<div class=\"edgtf-iwt-image\">\n\t\t\n\t\t\t<img loading=\"lazy\" decoding=\"async\" width=\"738\" height=\"1024\" src=\"https:\/\/ricardterre.com\/wp-content\/uploads\/2026\/04\/vigovisionsDEF_1200x1666-738x1024.jpg\" class=\"attachment-large size-large\" alt=\"\" srcset=\"https:\/\/ricardterre.com\/wp-content\/uploads\/2026\/04\/vigovisionsDEF_1200x1666-738x1024.jpg 738w, https:\/\/ricardterre.com\/wp-content\/uploads\/2026\/04\/vigovisionsDEF_1200x1666-216x300.jpg 216w, https:\/\/ricardterre.com\/wp-content\/uploads\/2026\/04\/vigovisionsDEF_1200x1666-768x1066.jpg 768w, https:\/\/ricardterre.com\/wp-content\/uploads\/2026\/04\/vigovisionsDEF_1200x1666-1106x1536.jpg 1106w, https:\/\/ricardterre.com\/wp-content\/uploads\/2026\/04\/vigovisionsDEF_1200x1666-600x833.jpg 600w, https:\/\/ricardterre.com\/wp-content\/uploads\/2026\/04\/vigovisionsDEF_1200x1666.jpg 1200w\" sizes=\"auto, (max-width: 738px) 100vw, 738px\" \/>\n\t\t\t<\/div>\n\t<div class=\"edgtf-iwt-text\">\n\t\t\t\t\t\t\t<h5 class=\"edgtf-iwt-title\" >\n\t\t\t\tVigoVisi\u00f3ns\t\t\t<\/h5>\n\t\t\t\t\t\t\t<p class=\"edgtf-iwt-content\">\n\t\t\t\t2002 MARCO Museo de arte contempor\u00e1nea de Vigo, Vigo (ES), introduction Manuel Send\u00f3n, Xose Lu\u00eds Su\u00e1rez Canal.\t\t\t<\/p>\n\t\t\t\t\t<\/div>\n<\/div>\n<div class=\"vc_empty_space\"   style=\"height: 21px\"><span class=\"vc_empty_space_inner\"><\/span><\/div><\/div><\/div><\/div><div class=\"wpb_column vc_column_container vc_col-sm-12 vc_col-md-4\"><div class=\"vc_column-inner\"><div class=\"wpb_wrapper\"><div class=\"edgtf-image-with-text edgtf-iwt-text-left-aligned\">\n\t<div class=\"edgtf-iwt-image\">\n\t\t\n\t\t\t<img loading=\"lazy\" decoding=\"async\" width=\"753\" height=\"1024\" src=\"https:\/\/ricardterre.com\/wp-content\/uploads\/2026\/04\/IMG_20260424_171257-753x1024.jpg\" class=\"attachment-large size-large\" alt=\"\" srcset=\"https:\/\/ricardterre.com\/wp-content\/uploads\/2026\/04\/IMG_20260424_171257-753x1024.jpg 753w, https:\/\/ricardterre.com\/wp-content\/uploads\/2026\/04\/IMG_20260424_171257-221x300.jpg 221w, https:\/\/ricardterre.com\/wp-content\/uploads\/2026\/04\/IMG_20260424_171257-768x1044.jpg 768w, https:\/\/ricardterre.com\/wp-content\/uploads\/2026\/04\/IMG_20260424_171257-1130x1536.jpg 1130w, https:\/\/ricardterre.com\/wp-content\/uploads\/2026\/04\/IMG_20260424_171257-600x815.jpg 600w, https:\/\/ricardterre.com\/wp-content\/uploads\/2026\/04\/IMG_20260424_171257.jpg 1220w\" sizes=\"auto, (max-width: 753px) 100vw, 753px\" \/>\n\t\t\t<\/div>\n\t<div class=\"edgtf-iwt-text\">\n\t\t\t\t\t\t\t<h5 class=\"edgtf-iwt-title\" >\n\t\t\t\tO feito fotogr\u00e1fico\t\t\t<\/h5>\n\t\t\t\t\t\t\t<p class=\"edgtf-iwt-content\">\n\t\t\t\t2000 Centro de Est\u00fadios fotogr\u00e1ficos, Vigo (ES), introduction Manuel Send\u00f3n-X.L. Su\u00e1rez Canal.\t\t\t<\/p>\n\t\t\t\t\t<\/div>\n<\/div>\n<div class=\"vc_empty_space\"   style=\"height: 21px\"><span class=\"vc_empty_space_inner\"><\/span><\/div><\/div><\/div><\/div><\/div><\/div><\/div><div class=\"vc_row wpb_row vc_row-fluid edgtf-section vc_custom_1500377438083 edgtf-content-aligment-left edgtf-grid-section\" style=\"\"><div class=\"clearfix edgtf-section-inner\"><div class=\"edgtf-section-inner-margin clearfix\"><div class=\"wpb_column vc_column_container vc_col-sm-12 vc_col-md-4\"><div class=\"vc_column-inner\"><div class=\"wpb_wrapper\"><div class=\"edgtf-image-with-text edgtf-iwt-text-left-aligned\">\n\t<div class=\"edgtf-iwt-image\">\n\t\t\n\t\t\t<img loading=\"lazy\" decoding=\"async\" width=\"962\" height=\"1024\" src=\"https:\/\/ricardterre.com\/wp-content\/uploads\/2026\/02\/8-255-1-962x1024.jpg\" class=\"attachment-large size-large\" alt=\"\" srcset=\"https:\/\/ricardterre.com\/wp-content\/uploads\/2026\/02\/8-255-1-962x1024.jpg 962w, https:\/\/ricardterre.com\/wp-content\/uploads\/2026\/02\/8-255-1-282x300.jpg 282w, https:\/\/ricardterre.com\/wp-content\/uploads\/2026\/02\/8-255-1-768x817.jpg 768w, https:\/\/ricardterre.com\/wp-content\/uploads\/2026\/02\/8-255-1-1443x1536.jpg 1443w, https:\/\/ricardterre.com\/wp-content\/uploads\/2026\/02\/8-255-1-600x639.jpg 600w, https:\/\/ricardterre.com\/wp-content\/uploads\/2026\/02\/8-255-1.jpg 1879w\" sizes=\"auto, (max-width: 962px) 100vw, 962px\" \/>\n\t\t\t<\/div>\n\t<div class=\"edgtf-iwt-text\">\n\t\t\t\t\t\t\t<h5 class=\"edgtf-iwt-title\" >\n\t\t\t\tIntroducci\u00f3 a la Hist\u00f2ria de la Fotografia a Catalunya\t\t\t<\/h5>\n\t\t\t\t\t\t\t<p class=\"edgtf-iwt-content\">\n\t\t\t\t2000 Textos de Juan Navarro, Joan Fontcuberta, Pere Formiguera y Laura Terr\u00e9. Lunwerg Editores. Barcelona. (ES)\t\t\t<\/p>\n\t\t\t\t\t<\/div>\n<\/div>\n<div class=\"vc_empty_space\"   style=\"height: 21px\"><span class=\"vc_empty_space_inner\"><\/span><\/div><\/div><\/div><\/div><div class=\"wpb_column vc_column_container vc_col-sm-12 vc_col-md-4\"><div class=\"vc_column-inner\"><div class=\"wpb_wrapper\"><div class=\"edgtf-image-with-text edgtf-iwt-text-left-aligned\">\n\t<div class=\"edgtf-iwt-image\">\n\t\t\n\t\t\t<img loading=\"lazy\" decoding=\"async\" width=\"270\" height=\"268\" src=\"https:\/\/ricardterre.com\/wp-content\/uploads\/2026\/04\/97884766460-1.gif\" class=\"attachment-large size-large\" alt=\"\" \/>\n\t\t\t<\/div>\n\t<div class=\"edgtf-iwt-text\">\n\t\t\t\t\t\t\t<h5 class=\"edgtf-iwt-title\" >\n\t\t\t\tDiaris \u00edntims\t\t\t<\/h5>\n\t\t\t\t\t\t\t<p class=\"edgtf-iwt-content\">\n\t\t\t\t2000 Fundaci\u00f3n \u201cla Caixa\u201d. Introducci\u00f3n de Pepe Baeza\t\t\t<\/p>\n\t\t\t\t\t<\/div>\n<\/div>\n<div class=\"vc_empty_space\"   style=\"height: 21px\"><span class=\"vc_empty_space_inner\"><\/span><\/div><\/div><\/div><\/div><div class=\"wpb_column vc_column_container vc_col-sm-12 vc_col-md-4\"><div class=\"vc_column-inner\"><div class=\"wpb_wrapper\"><div class=\"edgtf-image-with-text edgtf-iwt-text-left-aligned\">\n\t<div class=\"edgtf-iwt-image\">\n\t\t\n\t\t\t<img loading=\"lazy\" decoding=\"async\" width=\"485\" height=\"791\" src=\"https:\/\/ricardterre.com\/wp-content\/uploads\/2026\/04\/IMG_20260424_170041.jpg\" class=\"attachment-large size-large\" alt=\"\" srcset=\"https:\/\/ricardterre.com\/wp-content\/uploads\/2026\/04\/IMG_20260424_170041.jpg 485w, https:\/\/ricardterre.com\/wp-content\/uploads\/2026\/04\/IMG_20260424_170041-184x300.jpg 184w\" sizes=\"auto, (max-width: 485px) 100vw, 485px\" \/>\n\t\t\t<\/div>\n\t<div class=\"edgtf-iwt-text\">\n\t\t\t\t\t\t\t<h5 class=\"edgtf-iwt-title\" >\n\t\t\t\tImaxes na penumbra. A fotografia afeccionada en Galicia (1950-1965)\t\t\t<\/h5>\n\t\t\t\t\t\t\t<p class=\"edgtf-iwt-content\">\n\t\t\t\t1998 Tesis doctoral de Manuel Send\u00f3n. Edicions Xerais, Vigo (ES).\t\t\t<\/p>\n\t\t\t\t\t<\/div>\n<\/div>\n<div class=\"vc_empty_space\"   style=\"height: 21px\"><span class=\"vc_empty_space_inner\"><\/span><\/div><\/div><\/div><\/div><\/div><\/div><\/div><div class=\"vc_row wpb_row vc_row-fluid edgtf-section vc_custom_1500377438083 edgtf-content-aligment-left edgtf-grid-section\" style=\"\"><div class=\"clearfix edgtf-section-inner\"><div class=\"edgtf-section-inner-margin clearfix\"><div class=\"wpb_column vc_column_container vc_col-sm-12 vc_col-md-4\"><div class=\"vc_column-inner\"><div class=\"wpb_wrapper\"><div class=\"edgtf-image-with-text edgtf-iwt-text-left-aligned\">\n\t<div class=\"edgtf-iwt-image\">\n\t\t\n\t\t\t<img loading=\"lazy\" decoding=\"async\" width=\"768\" height=\"1024\" src=\"https:\/\/ricardterre.com\/wp-content\/uploads\/2026\/04\/descarga-768x1024.jpeg\" class=\"attachment-large size-large\" alt=\"\" srcset=\"https:\/\/ricardterre.com\/wp-content\/uploads\/2026\/04\/descarga-768x1024.jpeg 768w, https:\/\/ricardterre.com\/wp-content\/uploads\/2026\/04\/descarga-225x300.jpeg 225w, https:\/\/ricardterre.com\/wp-content\/uploads\/2026\/04\/descarga-1152x1536.jpeg 1152w, https:\/\/ricardterre.com\/wp-content\/uploads\/2026\/04\/descarga-1537x2048.jpeg 1537w, https:\/\/ricardterre.com\/wp-content\/uploads\/2026\/04\/descarga-600x800.jpeg 600w\" sizes=\"auto, (max-width: 768px) 100vw, 768px\" \/>\n\t\t\t<\/div>\n\t<div class=\"edgtf-iwt-text\">\n\t\t\t\t\t\t\t<h5 class=\"edgtf-iwt-title\" >\n\t\t\t\tRencontres Internationales de la Photographie, Arles\t\t\t<\/h5>\n\t\t\t\t\t\t\t<p class=\"edgtf-iwt-content\">\n\t\t\t\t1997 Actes Sud Editorial, Arles (Fr), introduction Christian Caujolle.\t\t\t<\/p>\n\t\t\t\t\t<\/div>\n<\/div>\n<div class=\"vc_empty_space\"   style=\"height: 21px\"><span class=\"vc_empty_space_inner\"><\/span><\/div><\/div><\/div><\/div><div class=\"wpb_column vc_column_container vc_col-sm-12 vc_col-md-4\"><div class=\"vc_column-inner\"><div class=\"wpb_wrapper\"><div class=\"edgtf-image-with-text edgtf-iwt-text-left-aligned\">\n\t<div class=\"edgtf-iwt-image\">\n\t\t\n\t\t\t<img loading=\"lazy\" decoding=\"async\" width=\"808\" height=\"1000\" src=\"https:\/\/ricardterre.com\/wp-content\/uploads\/2026\/04\/91hFQh7qVrL._AC_UF10001000_QL80_.jpg\" class=\"attachment-large size-large\" alt=\"\" srcset=\"https:\/\/ricardterre.com\/wp-content\/uploads\/2026\/04\/91hFQh7qVrL._AC_UF10001000_QL80_.jpg 808w, https:\/\/ricardterre.com\/wp-content\/uploads\/2026\/04\/91hFQh7qVrL._AC_UF10001000_QL80_-242x300.jpg 242w, https:\/\/ricardterre.com\/wp-content\/uploads\/2026\/04\/91hFQh7qVrL._AC_UF10001000_QL80_-768x950.jpg 768w, https:\/\/ricardterre.com\/wp-content\/uploads\/2026\/04\/91hFQh7qVrL._AC_UF10001000_QL80_-600x743.jpg 600w\" sizes=\"auto, (max-width: 808px) 100vw, 808px\" \/>\n\t\t\t<\/div>\n\t<div class=\"edgtf-iwt-text\">\n\t\t\t\t\t\t\t<h5 class=\"edgtf-iwt-title\" >\n\t\t\t\tImatges, fotografia catalana\t\t\t<\/h5>\n\t\t\t\t\t\t\t<p class=\"edgtf-iwt-content\">\n\t\t\t\t1996 Actar Editorial, Barcelona (ES), introduction Joan Naranjo, Carlos C\u00e1novas, Cristina Zelich.\t\t\t<\/p>\n\t\t\t\t\t<\/div>\n<\/div>\n<div class=\"vc_empty_space\"   style=\"height: 21px\"><span class=\"vc_empty_space_inner\"><\/span><\/div><\/div><\/div><\/div><div class=\"wpb_column vc_column_container vc_col-sm-12 vc_col-md-4\"><div class=\"vc_column-inner\"><div class=\"wpb_wrapper\"><div class=\"edgtf-image-with-text edgtf-iwt-text-left-aligned\">\n\t<div class=\"edgtf-iwt-image\">\n\t\t\n\t\t\t<img loading=\"lazy\" decoding=\"async\" width=\"962\" height=\"1024\" src=\"https:\/\/ricardterre.com\/wp-content\/uploads\/2026\/02\/8-255-1-962x1024.jpg\" class=\"attachment-large size-large\" alt=\"\" srcset=\"https:\/\/ricardterre.com\/wp-content\/uploads\/2026\/02\/8-255-1-962x1024.jpg 962w, https:\/\/ricardterre.com\/wp-content\/uploads\/2026\/02\/8-255-1-282x300.jpg 282w, https:\/\/ricardterre.com\/wp-content\/uploads\/2026\/02\/8-255-1-768x817.jpg 768w, https:\/\/ricardterre.com\/wp-content\/uploads\/2026\/02\/8-255-1-1443x1536.jpg 1443w, https:\/\/ricardterre.com\/wp-content\/uploads\/2026\/02\/8-255-1-600x639.jpg 600w, https:\/\/ricardterre.com\/wp-content\/uploads\/2026\/02\/8-255-1.jpg 1879w\" sizes=\"auto, (max-width: 962px) 100vw, 962px\" \/>\n\t\t\t<\/div>\n\t<div class=\"edgtf-iwt-text\">\n\t\t\t\t\t\t\t<h5 class=\"edgtf-iwt-title\" >\n\t\t\t\tSelbstportraits\t\t\t<\/h5>\n\t\t\t\t\t\t\t<p class=\"edgtf-iwt-content\">\n\t\t\t\t1961 SMV, Hamburgo (Al), introduction Otto Steinert, Albrecht Fabri.\t\t\t<\/p>\n\t\t\t\t\t<\/div>\n<\/div>\n<div class=\"vc_empty_space\"   style=\"height: 21px\"><span class=\"vc_empty_space_inner\"><\/span><\/div><\/div><\/div><\/div><\/div><\/div><\/div><div class=\"vc_row wpb_row vc_row-fluid edgtf-section vc_custom_1500377438083 edgtf-content-aligment-left edgtf-grid-section\" style=\"\"><div class=\"clearfix edgtf-section-inner\"><div class=\"edgtf-section-inner-margin clearfix\"><div class=\"wpb_column vc_column_container vc_col-sm-12 vc_col-md-4\"><div class=\"vc_column-inner\"><div class=\"wpb_wrapper\"><div class=\"edgtf-image-with-text edgtf-iwt-text-left-aligned\">\n\t<div class=\"edgtf-iwt-image\">\n\t\t\n\t\t\t<img loading=\"lazy\" decoding=\"async\" width=\"962\" height=\"1024\" src=\"https:\/\/ricardterre.com\/wp-content\/uploads\/2026\/02\/8-255-1-962x1024.jpg\" class=\"attachment-large size-large\" alt=\"\" srcset=\"https:\/\/ricardterre.com\/wp-content\/uploads\/2026\/02\/8-255-1-962x1024.jpg 962w, https:\/\/ricardterre.com\/wp-content\/uploads\/2026\/02\/8-255-1-282x300.jpg 282w, https:\/\/ricardterre.com\/wp-content\/uploads\/2026\/02\/8-255-1-768x817.jpg 768w, https:\/\/ricardterre.com\/wp-content\/uploads\/2026\/02\/8-255-1-1443x1536.jpg 1443w, https:\/\/ricardterre.com\/wp-content\/uploads\/2026\/02\/8-255-1-600x639.jpg 600w, https:\/\/ricardterre.com\/wp-content\/uploads\/2026\/02\/8-255-1.jpg 1879w\" sizes=\"auto, (max-width: 962px) 100vw, 962px\" \/>\n\t\t\t<\/div>\n\t<div class=\"edgtf-iwt-text\">\n\t\t\t\t\t\t\t<h5 class=\"edgtf-iwt-title\" >\n\t\t\t\tbifota-bilder\t\t\t<\/h5>\n\t\t\t\t\t\t\t<p class=\"edgtf-iwt-content\">\n\t\t\t\t1958 VEB Graphische Werkst\u00e4tten Berlin, Berlina (Al), introduction Heinz Bronowski.\t\t\t<\/p>\n\t\t\t\t\t<\/div>\n<\/div>\n<div class=\"vc_empty_space\"   style=\"height: 21px\"><span class=\"vc_empty_space_inner\"><\/span><\/div><\/div><\/div><\/div><\/div><\/div><\/div>\n<\/div>","protected":false},"excerpt":{"rendered":"popular (Cat\u00e1logo de exposici\u00f3n) 2024 IVAM Institut Valenci\u00e0 d&#039;Art Modern. Generalitat Valenciana. Texto y comisariado de Pedro G. Romero. Valencia (ES) Compra cat\u00e1logo Agrupaci\u00f3 Fotogr\u00e0fica de Catalunya. 1923-2023 2023 \u00c0mbit Serveis Editorials S.A. y Agrupaci\u00f3 Fotogr\u00e0fica de Catalunya. Barcelona (ES). Photos! I capolavori della Collezione...","protected":false},"author":1,"featured_media":0,"parent":7872,"menu_order":0,"comment_status":"closed","ping_status":"closed","template":"full-width.php","meta":{"ngg_post_thumbnail":0,"footnotes":""},"class_list":["post-7880","page","type-page","status-publish","hentry"],"_links":{"self":[{"href":"https:\/\/ricardterre.com\/en\/wp-json\/wp\/v2\/pages\/7880","targetHints":{"allow":["GET"]}}],"collection":[{"href":"https:\/\/ricardterre.com\/en\/wp-json\/wp\/v2\/pages"}],"about":[{"href":"https:\/\/ricardterre.com\/en\/wp-json\/wp\/v2\/types\/page"}],"author":[{"embeddable":true,"href":"https:\/\/ricardterre.com\/en\/wp-json\/wp\/v2\/users\/1"}],"replies":[{"embeddable":true,"href":"https:\/\/ricardterre.com\/en\/wp-json\/wp\/v2\/comments?post=7880"}],"version-history":[{"count":28,"href":"https:\/\/ricardterre.com\/en\/wp-json\/wp\/v2\/pages\/7880\/revisions"}],"predecessor-version":[{"id":8603,"href":"https:\/\/ricardterre.com\/en\/wp-json\/wp\/v2\/pages\/7880\/revisions\/8603"}],"up":[{"embeddable":true,"href":"https:\/\/ricardterre.com\/en\/wp-json\/wp\/v2\/pages\/7872"}],"wp:attachment":[{"href":"https:\/\/ricardterre.com\/en\/wp-json\/wp\/v2\/media?parent=7880"}],"curies":[{"name":"wp","href":"https:\/\/api.w.org\/{rel}","templated":true}]}}