{"id":7878,"date":"2026-02-04T19:52:28","date_gmt":"2026-02-04T18:52:28","guid":{"rendered":"http:\/\/ricardterre.com\/?page_id=7878"},"modified":"2026-04-21T19:28:35","modified_gmt":"2026-04-21T17:28:35","slug":"monografias","status":"publish","type":"page","link":"https:\/\/ricardterre.com\/en\/publicaciones\/monografias\/","title":{"rendered":"Monographs"},"content":{"rendered":"<div class=\"wpb-content-wrapper\"><div class=\"vc_row wpb_row vc_row-fluid edgtf-section vc_custom_1500377438083 edgtf-content-aligment-left edgtf-grid-section\" style=\"\"><div class=\"clearfix edgtf-section-inner\"><div class=\"edgtf-section-inner-margin clearfix\"><div class=\"wpb_column vc_column_container vc_col-sm-12 vc_col-md-4\"><div class=\"vc_column-inner\"><div class=\"wpb_wrapper\"><div class=\"edgtf-image-with-text edgtf-iwt-text-left-aligned\">\n\t<div class=\"edgtf-iwt-image\">\n\t\t\n\t\t\t<img loading=\"lazy\" decoding=\"async\" width=\"709\" height=\"1024\" src=\"https:\/\/ricardterre.com\/wp-content\/uploads\/2026\/04\/mujeres-diosas-709x1024.jpg\" class=\"attachment-large size-large\" alt=\"\" srcset=\"https:\/\/ricardterre.com\/wp-content\/uploads\/2026\/04\/mujeres-diosas-709x1024.jpg 709w, https:\/\/ricardterre.com\/wp-content\/uploads\/2026\/04\/mujeres-diosas-208x300.jpg 208w, https:\/\/ricardterre.com\/wp-content\/uploads\/2026\/04\/mujeres-diosas-768x1110.jpg 768w, https:\/\/ricardterre.com\/wp-content\/uploads\/2026\/04\/mujeres-diosas-600x867.jpg 600w, https:\/\/ricardterre.com\/wp-content\/uploads\/2026\/04\/mujeres-diosas.jpg 886w\" sizes=\"auto, (max-width: 709px) 100vw, 709px\" \/>\n\t\t\t<\/div>\n\t<div class=\"edgtf-iwt-text\">\n\t\t\t\t\t\t\t<h5 class=\"edgtf-iwt-title\" >\n\t\t\t\tMujeres diosas en la obra de Ricard Terr\u00e9\t\t\t<\/h5>\n\t\t\t\t\t\t\t<p class=\"edgtf-iwt-content\">\n\t\t\t\t2025 Con texto de Laura Terr\u00e9. Mucac La Coracha. Ayuntamiento de M\u00e1laga.\t\t\t<\/p>\n\t\t\t\t\t<\/div>\n<\/div>\n<div class=\"vc_empty_space\"   style=\"height: 21px\"><span class=\"vc_empty_space_inner\"><\/span><\/div><\/div><\/div><\/div><div class=\"wpb_column vc_column_container vc_col-sm-12 vc_col-md-4\"><div class=\"vc_column-inner\"><div class=\"wpb_wrapper\"><div class=\"edgtf-image-with-text edgtf-iwt-text-left-aligned\">\n\t<div class=\"edgtf-iwt-image\">\n\t\t\n\t\t\t<img loading=\"lazy\" decoding=\"async\" width=\"945\" height=\"1280\" src=\"https:\/\/ricardterre.com\/wp-content\/uploads\/2026\/04\/photo_3_2026-04-16_20-23-23.jpg\" class=\"attachment-full size-full\" alt=\"\" srcset=\"https:\/\/ricardterre.com\/wp-content\/uploads\/2026\/04\/photo_3_2026-04-16_20-23-23.jpg 945w, https:\/\/ricardterre.com\/wp-content\/uploads\/2026\/04\/photo_3_2026-04-16_20-23-23-221x300.jpg 221w, https:\/\/ricardterre.com\/wp-content\/uploads\/2026\/04\/photo_3_2026-04-16_20-23-23-756x1024.jpg 756w, https:\/\/ricardterre.com\/wp-content\/uploads\/2026\/04\/photo_3_2026-04-16_20-23-23-768x1040.jpg 768w, https:\/\/ricardterre.com\/wp-content\/uploads\/2026\/04\/photo_3_2026-04-16_20-23-23-600x813.jpg 600w\" sizes=\"auto, (max-width: 945px) 100vw, 945px\" \/>\n\t\t\t<\/div>\n\t<div class=\"edgtf-iwt-text\">\n\t\t\t\t\t\t\t<h5 class=\"edgtf-iwt-title\" >\n\t\t\t\tRicard Terr\u00e9. Maestros de la fotograf\u00eda en la Real Academia de Bellas Artes de San Fernando\t\t\t<\/h5>\n\t\t\t\t\t\t\t<p class=\"edgtf-iwt-content\">\n\t\t\t\t2025 Textos de Javier P\u00e9rez And\u00fajar, Publio L\u00f3pez Mond\u00e9jar y Laura Terr\u00e9. Real Academia de Bellas Artes San Fernando. Madrid.\t\t\t<\/p>\n\t\t\t\t\t<\/div>\n<\/div>\n<div class=\"vc_empty_space\"   style=\"height: 21px\"><span class=\"vc_empty_space_inner\"><\/span><\/div><\/div><\/div><\/div><div class=\"wpb_column vc_column_container vc_col-sm-12 vc_col-md-4\"><div class=\"vc_column-inner\"><div class=\"wpb_wrapper\"><div class=\"edgtf-image-with-text edgtf-iwt-text-left-aligned\">\n\t<div class=\"edgtf-iwt-image\">\n\t\t\n\t\t\t<img loading=\"lazy\" decoding=\"async\" width=\"754\" height=\"1024\" src=\"https:\/\/ricardterre.com\/wp-content\/uploads\/2026\/04\/photo_10_2026-04-16_20-23-23-754x1024.jpg\" class=\"attachment-large size-large\" alt=\"\" srcset=\"https:\/\/ricardterre.com\/wp-content\/uploads\/2026\/04\/photo_10_2026-04-16_20-23-23-754x1024.jpg 754w, https:\/\/ricardterre.com\/wp-content\/uploads\/2026\/04\/photo_10_2026-04-16_20-23-23-221x300.jpg 221w, https:\/\/ricardterre.com\/wp-content\/uploads\/2026\/04\/photo_10_2026-04-16_20-23-23-768x1042.jpg 768w, https:\/\/ricardterre.com\/wp-content\/uploads\/2026\/04\/photo_10_2026-04-16_20-23-23-600x814.jpg 600w, https:\/\/ricardterre.com\/wp-content\/uploads\/2026\/04\/photo_10_2026-04-16_20-23-23.jpg 943w\" sizes=\"auto, (max-width: 754px) 100vw, 754px\" \/>\n\t\t\t<\/div>\n\t<div class=\"edgtf-iwt-text\">\n\t\t\t\t\t\t\t<h5 class=\"edgtf-iwt-title\" >\n\t\t\t\tTerr\u00e9\t\t\t<\/h5>\n\t\t\t\t\t\t\t<p class=\"edgtf-iwt-content\">\n\t\t\t\t2018 Textos de Christian Caujolle y Laura Terr\u00e9. Comunidad de Madrid. Madrid\t\t\t<\/p>\n\t\t\t\t\t<\/div>\n<\/div>\n<div class=\"vc_empty_space\"   style=\"height: 21px\"><span class=\"vc_empty_space_inner\"><\/span><\/div><\/div><\/div><\/div><\/div><\/div><\/div><div class=\"vc_row wpb_row vc_row-fluid edgtf-section vc_custom_1500377438083 edgtf-content-aligment-left edgtf-grid-section\" style=\"\"><div class=\"clearfix edgtf-section-inner\"><div class=\"edgtf-section-inner-margin clearfix\"><div class=\"wpb_column vc_column_container vc_col-sm-12 vc_col-md-4\"><div class=\"vc_column-inner\"><div class=\"wpb_wrapper\"><div class=\"edgtf-image-with-text edgtf-iwt-text-left-aligned\">\n\t<div class=\"edgtf-iwt-image\">\n\t\t\n\t\t\t<img loading=\"lazy\" decoding=\"async\" width=\"783\" height=\"1024\" src=\"https:\/\/ricardterre.com\/wp-content\/uploads\/2026\/04\/photo_22_2026-04-16_20-23-23-783x1024.jpg\" class=\"attachment-large size-large\" alt=\"\" srcset=\"https:\/\/ricardterre.com\/wp-content\/uploads\/2026\/04\/photo_22_2026-04-16_20-23-23-783x1024.jpg 783w, https:\/\/ricardterre.com\/wp-content\/uploads\/2026\/04\/photo_22_2026-04-16_20-23-23-229x300.jpg 229w, https:\/\/ricardterre.com\/wp-content\/uploads\/2026\/04\/photo_22_2026-04-16_20-23-23-768x1004.jpg 768w, https:\/\/ricardterre.com\/wp-content\/uploads\/2026\/04\/photo_22_2026-04-16_20-23-23-600x785.jpg 600w, https:\/\/ricardterre.com\/wp-content\/uploads\/2026\/04\/photo_22_2026-04-16_20-23-23.jpg 972w\" sizes=\"auto, (max-width: 783px) 100vw, 783px\" \/>\n\t\t\t<\/div>\n\t<div class=\"edgtf-iwt-text\">\n\t\t\t\t\t\t\t<h5 class=\"edgtf-iwt-title\" >\n\t\t\t\tRicard Terr\u00e9 Obras Maestras\t\t\t<\/h5>\n\t\t\t\t\t\t\t<p class=\"edgtf-iwt-content\">\n\t\t\t\t2011 La F\u00e1brica Editorial, Madrid (ES), texto de Chema Conesa. Biograf\u00eda y bibliograf\u00eda de Laura Terr\u00e9.\t\t\t<\/p>\n\t\t\t\t\t<\/div>\n<\/div>\n<div class=\"vc_empty_space\"   style=\"height: 21px\"><span class=\"vc_empty_space_inner\"><\/span><\/div><\/div><\/div><\/div><div class=\"wpb_column vc_column_container vc_col-sm-12 vc_col-md-4\"><div class=\"vc_column-inner\"><div class=\"wpb_wrapper\"><div class=\"edgtf-image-with-text edgtf-iwt-text-left-aligned\">\n\t<div class=\"edgtf-iwt-image\">\n\t\t\n\t\t\t<img loading=\"lazy\" decoding=\"async\" width=\"670\" height=\"1024\" src=\"https:\/\/ricardterre.com\/wp-content\/uploads\/2026\/04\/2006_fotoxoguete_cruces-1-670x1024.jpg\" class=\"attachment-large size-large\" alt=\"\" srcset=\"https:\/\/ricardterre.com\/wp-content\/uploads\/2026\/04\/2006_fotoxoguete_cruces-1-670x1024.jpg 670w, https:\/\/ricardterre.com\/wp-content\/uploads\/2026\/04\/2006_fotoxoguete_cruces-1-196x300.jpg 196w, https:\/\/ricardterre.com\/wp-content\/uploads\/2026\/04\/2006_fotoxoguete_cruces-1-768x1174.jpg 768w, https:\/\/ricardterre.com\/wp-content\/uploads\/2026\/04\/2006_fotoxoguete_cruces-1-1005x1536.jpg 1005w, https:\/\/ricardterre.com\/wp-content\/uploads\/2026\/04\/2006_fotoxoguete_cruces-1-1339x2048.jpg 1339w, https:\/\/ricardterre.com\/wp-content\/uploads\/2026\/04\/2006_fotoxoguete_cruces-1-600x917.jpg 600w, https:\/\/ricardterre.com\/wp-content\/uploads\/2026\/04\/2006_fotoxoguete_cruces-1-scaled.jpg 1674w\" sizes=\"auto, (max-width: 670px) 100vw, 670px\" \/>\n\t\t\t<\/div>\n\t<div class=\"edgtf-iwt-text\">\n\t\t\t\t\t\t\t<h5 class=\"edgtf-iwt-title\" >\n\t\t\t\tCruces\t\t\t<\/h5>\n\t\t\t\t\t\t\t<p class=\"edgtf-iwt-content\">\n\t\t\t\t2006 Colecci\u00f3n Fotoxoguete. Vilanova de Arousa (ES), introduccion Laura Terr\u00e9.\t\t\t<\/p>\n\t\t\t\t\t<\/div>\n<\/div>\n<div class=\"vc_empty_space\"   style=\"height: 21px\"><span class=\"vc_empty_space_inner\"><\/span><\/div><a href=\"https:\/\/laboutiquevu.com\/index.php?id_product=602&#038;rewrite=cruces&#038;controller=product&#038;id_lang=1\" target=\"_blank\"  class=\"edgtf-btn edgtf-btn-medium edgtf-btn-transparent edgtf-btn-hover-shuffle\"  >\n\t\t\t<span class=\"edgtf-btn-text\" data-lang=\"en\">Cat\u00e1logo en VU&#039;<\/span>\n\t\t<\/a>\n<\/div><\/div><\/div><div class=\"wpb_column vc_column_container vc_col-sm-12 vc_col-md-4\"><div class=\"vc_column-inner\"><div class=\"wpb_wrapper\"><div class=\"edgtf-image-with-text edgtf-iwt-text-left-aligned\">\n\t<div class=\"edgtf-iwt-image\">\n\t\t\n\t\t\t<img loading=\"lazy\" decoding=\"async\" width=\"1015\" height=\"1024\" src=\"https:\/\/ricardterre.com\/wp-content\/uploads\/2026\/04\/exvots.jpg\" class=\"attachment-large size-large\" alt=\"\" srcset=\"https:\/\/ricardterre.com\/wp-content\/uploads\/2026\/04\/exvots.jpg 1015w, https:\/\/ricardterre.com\/wp-content\/uploads\/2026\/04\/exvots-297x300.jpg 297w, https:\/\/ricardterre.com\/wp-content\/uploads\/2026\/04\/exvots-150x150.jpg 150w, https:\/\/ricardterre.com\/wp-content\/uploads\/2026\/04\/exvots-768x775.jpg 768w, https:\/\/ricardterre.com\/wp-content\/uploads\/2026\/04\/exvots-600x605.jpg 600w, https:\/\/ricardterre.com\/wp-content\/uploads\/2026\/04\/exvots-100x100.jpg 100w\" sizes=\"auto, (max-width: 1015px) 100vw, 1015px\" \/>\n\t\t\t<\/div>\n\t<div class=\"edgtf-iwt-text\">\n\t\t\t\t\t\t\t<h5 class=\"edgtf-iwt-title\" >\n\t\t\t\tEx-votos\t\t\t<\/h5>\n\t\t\t\t\t\t\t<p class=\"edgtf-iwt-content\">\n\t\t\t\t2004 Ayuntamiento de Sant Boi de Llobregat, Sant Boi de Llobregat (ES), introducci\u00f3n Laura Terr\u00e9\t\t\t<\/p>\n\t\t\t\t\t<\/div>\n<\/div>\n<div class=\"vc_empty_space\"   style=\"height: 21px\"><span class=\"vc_empty_space_inner\"><\/span><\/div><\/div><\/div><\/div><\/div><\/div><\/div><div class=\"vc_row wpb_row vc_row-fluid edgtf-section vc_custom_1500377472003 edgtf-content-aligment-left\" style=\"\"><div class=\"clearfix edgtf-full-section-inner\"><div class=\"wpb_column vc_column_container vc_col-sm-12\"><div class=\"vc_column-inner\"><div class=\"wpb_wrapper\"><div class=\"vc_row wpb_row vc_inner vc_row-fluid edgtf-section vc_custom_1500377591580 edgtf-content-aligment-left edgtf-grid-section\" style=\"\"><div class=\"edgtf-section-inner\"><div class=\"edgtf-section-inner-margin clearfix\"><div class=\"wpb_column vc_column_container vc_col-sm-12 vc_col-md-4\"><div class=\"vc_column-inner\"><div class=\"wpb_wrapper\"><div class=\"edgtf-image-with-text edgtf-iwt-text-left-aligned\">\n\t<div class=\"edgtf-iwt-image\">\n\t\t\n\t\t\t<img loading=\"lazy\" decoding=\"async\" width=\"2234\" height=\"2560\" src=\"https:\/\/ricardterre.com\/wp-content\/uploads\/2026\/04\/DSC_0285-scaled.jpg\" class=\"attachment-full size-full\" alt=\"\" srcset=\"https:\/\/ricardterre.com\/wp-content\/uploads\/2026\/04\/DSC_0285-scaled.jpg 2234w, https:\/\/ricardterre.com\/wp-content\/uploads\/2026\/04\/DSC_0285-262x300.jpg 262w, https:\/\/ricardterre.com\/wp-content\/uploads\/2026\/04\/DSC_0285-894x1024.jpg 894w, https:\/\/ricardterre.com\/wp-content\/uploads\/2026\/04\/DSC_0285-768x880.jpg 768w, https:\/\/ricardterre.com\/wp-content\/uploads\/2026\/04\/DSC_0285-1341x1536.jpg 1341w, https:\/\/ricardterre.com\/wp-content\/uploads\/2026\/04\/DSC_0285-1787x2048.jpg 1787w, https:\/\/ricardterre.com\/wp-content\/uploads\/2026\/04\/DSC_0285-600x687.jpg 600w\" sizes=\"auto, (max-width: 2234px) 100vw, 2234px\" \/>\n\t\t\t<\/div>\n\t<div class=\"edgtf-iwt-text\">\n\t\t\t\t\t\t\t<h5 class=\"edgtf-iwt-title\" >\n\t\t\t\tThe children of San Francisco\t\t\t<\/h5>\n\t\t\t\t\t\t\t<p class=\"edgtf-iwt-content\">\n\t\t\t\t2003 Departamento de Cultura y Concello de Vigo, Vigo. Introducci\u00f3n Laura Terr\u00e9.\t\t\t<\/p>\n\t\t\t\t\t<\/div>\n<\/div>\n<div class=\"vc_empty_space\"   style=\"height: 21px\"><span class=\"vc_empty_space_inner\"><\/span><\/div><\/div><\/div><\/div><div class=\"wpb_column vc_column_container vc_col-sm-12 vc_col-md-4\"><div class=\"vc_column-inner\"><div class=\"wpb_wrapper\"><div class=\"edgtf-image-with-text edgtf-iwt-text-left-aligned\">\n\t<div class=\"edgtf-iwt-image\">\n\t\t\n\t\t\t<img loading=\"lazy\" decoding=\"async\" width=\"350\" height=\"402\" src=\"https:\/\/ricardterre.com\/wp-content\/uploads\/2026\/04\/Imatges-abandonades.jpg\" class=\"attachment-full size-full\" alt=\"\" srcset=\"https:\/\/ricardterre.com\/wp-content\/uploads\/2026\/04\/Imatges-abandonades.jpg 350w, https:\/\/ricardterre.com\/wp-content\/uploads\/2026\/04\/Imatges-abandonades-261x300.jpg 261w\" sizes=\"auto, (max-width: 350px) 100vw, 350px\" \/>\n\t\t\t<\/div>\n\t<div class=\"edgtf-iwt-text\">\n\t\t\t\t\t\t\t<h5 class=\"edgtf-iwt-title\" >\n\t\t\t\tImatges abandonades\t\t\t<\/h5>\n\t\t\t\t\t\t\t<p class=\"edgtf-iwt-content\">\n\t\t\t\t2002, Ayuntamiento de Sant Boi del Llobregat. Introducci\u00f3n Laura Terr\u00e9\t\t\t<\/p>\n\t\t\t\t\t<\/div>\n<\/div>\n<div class=\"vc_empty_space\"   style=\"height: 21px\"><span class=\"vc_empty_space_inner\"><\/span><\/div><div class=\"vc_empty_space\"   style=\"height: 30px\"><span class=\"vc_empty_space_inner\"><\/span><\/div><\/div><\/div><\/div><div class=\"wpb_column vc_column_container vc_col-sm-12 vc_col-md-4\"><div class=\"vc_column-inner\"><div class=\"wpb_wrapper\"><div class=\"edgtf-image-with-text edgtf-iwt-text-left-aligned\">\n\t<div class=\"edgtf-iwt-image\">\n\t\t\n\t\t\t<img loading=\"lazy\" decoding=\"async\" width=\"1838\" height=\"2560\" src=\"https:\/\/ricardterre.com\/wp-content\/uploads\/2026\/04\/DSC_0283-1-scaled.jpg\" class=\"attachment-full size-full\" alt=\"\" srcset=\"https:\/\/ricardterre.com\/wp-content\/uploads\/2026\/04\/DSC_0283-1-scaled.jpg 1838w, https:\/\/ricardterre.com\/wp-content\/uploads\/2026\/04\/DSC_0283-1-215x300.jpg 215w, https:\/\/ricardterre.com\/wp-content\/uploads\/2026\/04\/DSC_0283-1-735x1024.jpg 735w, https:\/\/ricardterre.com\/wp-content\/uploads\/2026\/04\/DSC_0283-1-768x1070.jpg 768w, https:\/\/ricardterre.com\/wp-content\/uploads\/2026\/04\/DSC_0283-1-1103x1536.jpg 1103w, https:\/\/ricardterre.com\/wp-content\/uploads\/2026\/04\/DSC_0283-1-1470x2048.jpg 1470w, https:\/\/ricardterre.com\/wp-content\/uploads\/2026\/04\/DSC_0283-1-600x836.jpg 600w\" sizes=\"auto, (max-width: 1838px) 100vw, 1838px\" \/>\n\t\t\t<\/div>\n\t<div class=\"edgtf-iwt-text\">\n\t\t\t\t\t\t\t<h5 class=\"edgtf-iwt-title\" >\n\t\t\t\tRicard Terr\u00e9\t\t\t<\/h5>\n\t\t\t\t\t\t\t<p class=\"edgtf-iwt-content\">\n\t\t\t\tColecci\u00f3n Photobolsillo, biblioteca de fot\u00f3grafos espa\u00f1oles, La F\u00e1brica Editorial, Madrid, Introducci\u00f3n Laura Terr\u00e9\t\t\t<\/p>\n\t\t\t\t\t<\/div>\n<\/div>\n<div class=\"vc_empty_space\"   style=\"height: 21px\"><span class=\"vc_empty_space_inner\"><\/span><\/div><\/div><\/div><\/div><\/div><\/div><\/div><\/div><\/div><\/div><\/div><\/div><div class=\"vc_row wpb_row vc_row-fluid edgtf-section vc_custom_1500377438083 edgtf-content-aligment-left edgtf-grid-section\" style=\"\"><div class=\"clearfix edgtf-section-inner\"><div class=\"edgtf-section-inner-margin clearfix\"><div class=\"wpb_column vc_column_container vc_col-sm-12 vc_col-md-4\"><div class=\"vc_column-inner\"><div class=\"wpb_wrapper\"><div class=\"edgtf-image-with-text edgtf-iwt-text-left-aligned\">\n\t<div class=\"edgtf-iwt-image\">\n\t\t\n\t\t\t<img loading=\"lazy\" decoding=\"async\" width=\"907\" height=\"1024\" src=\"https:\/\/ricardterre.com\/wp-content\/uploads\/2026\/04\/DSC_0284-1-907x1024.jpg\" class=\"attachment-large size-large\" alt=\"\" srcset=\"https:\/\/ricardterre.com\/wp-content\/uploads\/2026\/04\/DSC_0284-1-907x1024.jpg 907w, https:\/\/ricardterre.com\/wp-content\/uploads\/2026\/04\/DSC_0284-1-266x300.jpg 266w, https:\/\/ricardterre.com\/wp-content\/uploads\/2026\/04\/DSC_0284-1-768x867.jpg 768w, https:\/\/ricardterre.com\/wp-content\/uploads\/2026\/04\/DSC_0284-1-1361x1536.jpg 1361w, https:\/\/ricardterre.com\/wp-content\/uploads\/2026\/04\/DSC_0284-1-1814x2048.jpg 1814w, https:\/\/ricardterre.com\/wp-content\/uploads\/2026\/04\/DSC_0284-1-600x677.jpg 600w\" sizes=\"auto, (max-width: 907px) 100vw, 907px\" \/>\n\t\t\t<\/div>\n\t<div class=\"edgtf-iwt-text\">\n\t\t\t\t\t\t\t<h5 class=\"edgtf-iwt-title\" >\n\t\t\t\tMort po\u00e9tica de les coses petites\t\t\t<\/h5>\n\t\t\t\t\t\t\t<p class=\"edgtf-iwt-content\">\n\t\t\t\t2000, Ayuntamiento de Sant Boi de Llobregat, Sant Boi de Llobregat, introducci\u00f3n Laura Terr\u00e9.\t\t\t<\/p>\n\t\t\t\t\t<\/div>\n<\/div>\n<div class=\"vc_empty_space\"   style=\"height: 21px\"><span class=\"vc_empty_space_inner\"><\/span><\/div><\/div><\/div><\/div><div class=\"wpb_column vc_column_container vc_col-sm-12 vc_col-md-4\"><div class=\"vc_column-inner\"><div class=\"wpb_wrapper\"><div class=\"edgtf-image-with-text edgtf-iwt-text-left-aligned\">\n\t<div class=\"edgtf-iwt-image\">\n\t\t\n\t\t\t<img loading=\"lazy\" decoding=\"async\" width=\"938\" height=\"1024\" src=\"https:\/\/ricardterre.com\/wp-content\/uploads\/2026\/04\/DSC_0286-938x1024.jpg\" class=\"attachment-large size-large\" alt=\"\" srcset=\"https:\/\/ricardterre.com\/wp-content\/uploads\/2026\/04\/DSC_0286-938x1024.jpg 938w, https:\/\/ricardterre.com\/wp-content\/uploads\/2026\/04\/DSC_0286-275x300.jpg 275w, https:\/\/ricardterre.com\/wp-content\/uploads\/2026\/04\/DSC_0286-768x839.jpg 768w, https:\/\/ricardterre.com\/wp-content\/uploads\/2026\/04\/DSC_0286-1407x1536.jpg 1407w, https:\/\/ricardterre.com\/wp-content\/uploads\/2026\/04\/DSC_0286-1875x2048.jpg 1875w, https:\/\/ricardterre.com\/wp-content\/uploads\/2026\/04\/DSC_0286-600x655.jpg 600w\" sizes=\"auto, (max-width: 938px) 100vw, 938px\" \/>\n\t\t\t<\/div>\n\t<div class=\"edgtf-iwt-text\">\n\t\t\t\t\t\t\t<h5 class=\"edgtf-iwt-title\" >\n\t\t\t\tRicard Terr\u00e9\t\t\t<\/h5>\n\t\t\t\t\t\t\t<p class=\"edgtf-iwt-content\">\n\t\t\t\t1995, Fundaci\u00f3n \u201cla Caixa\u201d y Editorial Lunwerg, Barcelona, (ES), introducci\u00f3n Pere Formiguera y Margarita Ledo.\t\t\t<\/p>\n\t\t\t\t\t<\/div>\n<\/div>\n<div class=\"vc_empty_space\"   style=\"height: 21px\"><span class=\"vc_empty_space_inner\"><\/span><\/div><\/div><\/div><\/div><div class=\"wpb_column vc_column_container vc_col-sm-12 vc_col-md-4\"><div class=\"vc_column-inner\"><div class=\"wpb_wrapper\"><div class=\"edgtf-image-with-text edgtf-iwt-text-left-aligned\">\n\t<div class=\"edgtf-iwt-image\">\n\t\t\n\t\t\t<img loading=\"lazy\" decoding=\"async\" width=\"1024\" height=\"945\" src=\"https:\/\/ricardterre.com\/wp-content\/uploads\/2026\/04\/1991_exposicion_casa_artes_vigo_catalogo-1-1024x945.jpg\" class=\"attachment-large size-large\" alt=\"\" srcset=\"https:\/\/ricardterre.com\/wp-content\/uploads\/2026\/04\/1991_exposicion_casa_artes_vigo_catalogo-1-1024x945.jpg 1024w, https:\/\/ricardterre.com\/wp-content\/uploads\/2026\/04\/1991_exposicion_casa_artes_vigo_catalogo-1-300x277.jpg 300w, https:\/\/ricardterre.com\/wp-content\/uploads\/2026\/04\/1991_exposicion_casa_artes_vigo_catalogo-1-768x709.jpg 768w, https:\/\/ricardterre.com\/wp-content\/uploads\/2026\/04\/1991_exposicion_casa_artes_vigo_catalogo-1-1536x1418.jpg 1536w, https:\/\/ricardterre.com\/wp-content\/uploads\/2026\/04\/1991_exposicion_casa_artes_vigo_catalogo-1-600x554.jpg 600w\" sizes=\"auto, (max-width: 1024px) 100vw, 1024px\" \/>\n\t\t\t<\/div>\n\t<div class=\"edgtf-iwt-text\">\n\t\t\t\t\t\t\t<h5 class=\"edgtf-iwt-title\" >\n\t\t\t\tRicardo Terr\u00e9\t\t\t<\/h5>\n\t\t\t\t\t\t\t<p class=\"edgtf-iwt-content\">\n\t\t\t\t1991 Centro de Estudios Fotogr\u00e1ficos del Ayuntamiento de Vigo, Vigo (ES), introducci\u00f3n de Laura Terr\u00e9.\t\t\t<\/p>\n\t\t\t\t\t<\/div>\n<\/div>\n<div class=\"vc_empty_space\"   style=\"height: 21px\"><span class=\"vc_empty_space_inner\"><\/span><\/div><\/div><\/div><\/div><\/div><\/div><\/div><div class=\"vc_row wpb_row vc_row-fluid edgtf-section vc_custom_1500377438083 edgtf-content-aligment-left edgtf-grid-section\" style=\"\"><div class=\"clearfix edgtf-section-inner\"><div class=\"edgtf-section-inner-margin clearfix\"><div class=\"wpb_column vc_column_container vc_col-sm-12 vc_col-md-4\"><div class=\"vc_column-inner\"><div class=\"wpb_wrapper\"><div class=\"edgtf-image-with-text edgtf-iwt-text-left-aligned\">\n\t<div class=\"edgtf-iwt-image\">\n\t\t\n\t\t\t<img loading=\"lazy\" decoding=\"async\" width=\"988\" height=\"1024\" src=\"https:\/\/ricardterre.com\/wp-content\/uploads\/2026\/04\/1962_CATALOGO_ATENEO_MADRID-988x1024.jpg\" class=\"attachment-large size-large\" alt=\"\" srcset=\"https:\/\/ricardterre.com\/wp-content\/uploads\/2026\/04\/1962_CATALOGO_ATENEO_MADRID-988x1024.jpg 988w, https:\/\/ricardterre.com\/wp-content\/uploads\/2026\/04\/1962_CATALOGO_ATENEO_MADRID-289x300.jpg 289w, https:\/\/ricardterre.com\/wp-content\/uploads\/2026\/04\/1962_CATALOGO_ATENEO_MADRID-768x796.jpg 768w, https:\/\/ricardterre.com\/wp-content\/uploads\/2026\/04\/1962_CATALOGO_ATENEO_MADRID-1481x1536.jpg 1481w, https:\/\/ricardterre.com\/wp-content\/uploads\/2026\/04\/1962_CATALOGO_ATENEO_MADRID-600x622.jpg 600w\" sizes=\"auto, (max-width: 988px) 100vw, 988px\" \/>\n\t\t\t<\/div>\n\t<div class=\"edgtf-iwt-text\">\n\t\t\t\t\t\t\t<h5 class=\"edgtf-iwt-title\" >\n\t\t\t\tTerr\u00e9\t\t\t<\/h5>\n\t\t\t\t\t\t\t<p class=\"edgtf-iwt-content\">\n\t\t\t\t1962 Cuadernos del Ateneo de Madrid, n\u00ba 95. Madrid (ES) Presentaci\u00f3n de Carlos Saura.\t\t\t<\/p>\n\t\t\t\t\t<\/div>\n<\/div>\n<div class=\"vc_empty_space\"   style=\"height: 21px\"><span class=\"vc_empty_space_inner\"><\/span><\/div><\/div><\/div><\/div><\/div><\/div><\/div>\n<\/div>","protected":false},"excerpt":{"rendered":"Mujeres diosas en la obra de Ricard Terr\u00e9 2025 Con texto de Laura Terr\u00e9. Mucac La Coracha. Ayuntamiento de M\u00e1laga. Ricard Terr\u00e9. Maestros de la fotograf\u00eda en la Real Academia de Bellas Artes de San Fernando 2025 Textos de Javier P\u00e9rez And\u00fajar, Publio L\u00f3pez Mond\u00e9jar...","protected":false},"author":1,"featured_media":0,"parent":7872,"menu_order":0,"comment_status":"closed","ping_status":"closed","template":"full-width.php","meta":{"ngg_post_thumbnail":0,"footnotes":""},"class_list":["post-7878","page","type-page","status-publish","hentry"],"_links":{"self":[{"href":"https:\/\/ricardterre.com\/en\/wp-json\/wp\/v2\/pages\/7878","targetHints":{"allow":["GET"]}}],"collection":[{"href":"https:\/\/ricardterre.com\/en\/wp-json\/wp\/v2\/pages"}],"about":[{"href":"https:\/\/ricardterre.com\/en\/wp-json\/wp\/v2\/types\/page"}],"author":[{"embeddable":true,"href":"https:\/\/ricardterre.com\/en\/wp-json\/wp\/v2\/users\/1"}],"replies":[{"embeddable":true,"href":"https:\/\/ricardterre.com\/en\/wp-json\/wp\/v2\/comments?post=7878"}],"version-history":[{"count":22,"href":"https:\/\/ricardterre.com\/en\/wp-json\/wp\/v2\/pages\/7878\/revisions"}],"predecessor-version":[{"id":8553,"href":"https:\/\/ricardterre.com\/en\/wp-json\/wp\/v2\/pages\/7878\/revisions\/8553"}],"up":[{"embeddable":true,"href":"https:\/\/ricardterre.com\/en\/wp-json\/wp\/v2\/pages\/7872"}],"wp:attachment":[{"href":"https:\/\/ricardterre.com\/en\/wp-json\/wp\/v2\/media?parent=7878"}],"curies":[{"name":"wp","href":"https:\/\/api.w.org\/{rel}","templated":true}]}}